{"id":1005,"date":"2018-09-13T18:48:28","date_gmt":"2018-09-13T21:48:28","guid":{"rendered":"https:\/\/isfd816-chu.infd.edu.ar\/sitio\/?page_id=1005"},"modified":"2026-04-07T22:20:21","modified_gmt":"2026-04-08T01:20:21","slug":"actividades","status":"publish","type":"page","link":"https:\/\/isfd816-chu.infd.edu.ar\/sitio\/actividades\/","title":{"rendered":"\u00daltimas Noticias"},"content":{"rendered":"<p><img decoding=\"async\" loading=\"lazy\" class=\"alignnone  wp-image-3310\" src=\"https:\/\/isfd816-chu.infd.edu.ar\/sitio\/wp-content\/uploads\/2025\/11\/Oferta-Academica-2026-2-1000x1000.jpg\" alt=\"\" width=\"650\" height=\"650\" srcset=\"https:\/\/isfd816-chu.infd.edu.ar\/sitio\/wp-content\/uploads\/2025\/11\/Oferta-Academica-2026-2-1000x1000.jpg 1000w, https:\/\/isfd816-chu.infd.edu.ar\/sitio\/wp-content\/uploads\/2025\/11\/Oferta-Academica-2026-2-500x500.jpg 500w, https:\/\/isfd816-chu.infd.edu.ar\/sitio\/wp-content\/uploads\/2025\/11\/Oferta-Academica-2026-2-768x768.jpg 768w, https:\/\/isfd816-chu.infd.edu.ar\/sitio\/wp-content\/uploads\/2025\/11\/Oferta-Academica-2026-2.jpg 1080w\" sizes=\"(max-width: 650px) 100vw, 650px\" \/><img decoding=\"async\" loading=\"lazy\" class=\"alignnone  wp-image-3381\" src=\"https:\/\/isfd816-chu.infd.edu.ar\/sitio\/wp-content\/uploads\/2025\/12\/INVITACIO\u0300N-ACTO-COLACIO\u0300N-2025-800x1000.jpg\" alt=\"\" width=\"622\" height=\"778\" srcset=\"https:\/\/isfd816-chu.infd.edu.ar\/sitio\/wp-content\/uploads\/2025\/12\/INVITACIO\u0300N-ACTO-COLACIO\u0300N-2025-800x1000.jpg 800w, https:\/\/isfd816-chu.infd.edu.ar\/sitio\/wp-content\/uploads\/2025\/12\/INVITACIO\u0300N-ACTO-COLACIO\u0300N-2025-768x960.jpg 768w, https:\/\/isfd816-chu.infd.edu.ar\/sitio\/wp-content\/uploads\/2025\/12\/INVITACIO\u0300N-ACTO-COLACIO\u0300N-2025.jpg 1024w\" sizes=\"(max-width: 622px) 100vw, 622px\" \/><\/p>\n<h1><style>.wp-show-posts-columns#wpsp-383 {margin-left: -2em; }.wp-show-posts-columns#wpsp-383 .wp-show-posts-inner {margin: 0 0 2em 2em; }<\/style><section id=\"wpsp-383\" class=\" wp-show-posts-columns wp-show-posts\" style=\"\"><article class=\" wp-show-posts-single post-3251 post type-post status-publish format-standard has-post-thumbnail hentry category-llamados category-noticias category-primera-pagina category-sin-categoria tag-administracion-publica tag-educacion-primaria tag-geografia tag-llamados tag-turismo tag-unidades-curriculares wpsp-col-4\" itemtype=\"http:\/\/schema.org\/CreativeWork\" itemscope><div class=\"wp-show-posts-inner\" style=\"\">\t\t\t\t\t\t<header class=\"wp-show-posts-entry-header\">\n\t\t\t\t\t\t\t<h3 class=\"wp-show-posts-entry-title\" itemprop=\"headline\"><a href=\"https:\/\/isfd816-chu.infd.edu.ar\/sitio\/llamado-uc-5\/\" rel=\"bookmark\">Llamado UC<\/a><\/h3><div class=\"wp-show-posts-entry-meta wp-show-posts-entry-meta-below-title post-meta-inline\"><span class=\"wp-show-posts-posted-on wp-show-posts-meta\">\n\t\t\t\t\t<a href=\"https:\/\/isfd816-chu.infd.edu.ar\/sitio\/llamado-uc-5\/\" title=\"7:38 pm\" rel=\"bookmark\"><time class=\"wp-show-posts-entry-date published\" datetime=\"2025-07-21T19:38:22-03:00\" itemprop=\"datePublished\">21 julio, 2025<\/time><time class=\"wp-show-posts-updated\" datetime=\"2025-07-21T19:43:56-03:00\" itemprop=\"dateModified\">21 julio, 2025<\/time><\/a>\n\t\t\t\t<\/span> <span class=\"wp-show-posts-separator\">|<\/span> <span class=\"wp-show-posts-terms wp-show-posts-meta\"><a href=\"https:\/\/isfd816-chu.infd.edu.ar\/sitio\/category\/llamados\/\" rel=\"tag\">Llamados<\/a>, <a href=\"https:\/\/isfd816-chu.infd.edu.ar\/sitio\/category\/noticias\/\" rel=\"tag\">Noticias<\/a>, <a href=\"https:\/\/isfd816-chu.infd.edu.ar\/sitio\/category\/primera-pagina\/\" rel=\"tag\">Primera Pagina<\/a>, <a href=\"https:\/\/isfd816-chu.infd.edu.ar\/sitio\/category\/sin-categoria\/\" rel=\"tag\">Sin categor\u00eda<\/a><\/span><\/div>\t\t\t\t\t\t<\/header><!-- .entry-header -->\n\t\t\t\t\t\t\t<div class=\"wp-show-posts-image  wpsp-image-center \">\n\t\t\t<a href=\"https:\/\/isfd816-chu.infd.edu.ar\/sitio\/llamado-uc-5\/\"  title=\"Llamado UC\">\t\t\t\t\t<img src=\"https:\/\/isfd816-chu.infd.edu.ar\/sitio\/wp-content\/uploads\/2024\/09\/Noticias_amarilla-400x200.png\" alt=\"Llamado UC\" itemprop=\"image\" class=\"center\" \/>\n\t\t\t\t<\/a>\t\t<\/div>\n\t\t\t\t\t\t\t\t<div class=\"wp-show-posts-entry-summary\" itemprop=\"text\">\n\t\t\t\t\t\t\t<p>La Direcci\u00f3n del ISFD N\u00ba816 de la ciudad de Rawson hace el llamado abierto y p\u00fablico para la cobertura de las siguientes Unidades Curriculares del Ciclo lectivo 2025:PROFESORADO DE EDUCACI\u00d3N&#8230;<\/p>\n\t\t\t\t\t\t<\/div><!-- .entry-summary -->\n\t\t\t\t\t<div class=\"wpsp-read-more\"><a title=\"Llamado UC\" class=\"wp-show-posts-read-more\" href=\"https:\/\/isfd816-chu.infd.edu.ar\/sitio\/llamado-uc-5\/\">leer m\u00e1s<\/a><\/div><\/div><!-- wp-show-posts-inner --><\/article><article class=\" wp-show-posts-single post-3253 post type-post status-publish format-standard has-post-thumbnail hentry category-alumnos category-institucionales category-noticias category-primera-pagina category-sin-categoria tag-examen tag-examenes tag-mesas tag-mesas-de-examen tag-unidades-curriculares wpsp-col-4\" itemtype=\"http:\/\/schema.org\/CreativeWork\" itemscope><div class=\"wp-show-posts-inner\" style=\"\">\t\t\t\t\t\t<header class=\"wp-show-posts-entry-header\">\n\t\t\t\t\t\t\t<h3 class=\"wp-show-posts-entry-title\" itemprop=\"headline\"><a href=\"https:\/\/isfd816-chu.infd.edu.ar\/sitio\/mesas-de-examen\/\" rel=\"bookmark\">Mesas de examen<\/a><\/h3><div class=\"wp-show-posts-entry-meta wp-show-posts-entry-meta-below-title post-meta-inline\"><span class=\"wp-show-posts-posted-on wp-show-posts-meta\">\n\t\t\t\t\t<a href=\"https:\/\/isfd816-chu.infd.edu.ar\/sitio\/mesas-de-examen\/\" title=\"7:36 pm\" rel=\"bookmark\"><time class=\"wp-show-posts-entry-date published\" datetime=\"2025-07-21T19:36:00-03:00\" itemprop=\"datePublished\">21 julio, 2025<\/time><time class=\"wp-show-posts-updated\" datetime=\"2025-07-21T19:41:33-03:00\" itemprop=\"dateModified\">21 julio, 2025<\/time><\/a>\n\t\t\t\t<\/span> <span class=\"wp-show-posts-separator\">|<\/span> <span class=\"wp-show-posts-terms wp-show-posts-meta\"><a href=\"https:\/\/isfd816-chu.infd.edu.ar\/sitio\/category\/alumnos\/\" rel=\"tag\">Alumnos<\/a>, <a href=\"https:\/\/isfd816-chu.infd.edu.ar\/sitio\/category\/institucionales\/\" rel=\"tag\">Institucionales<\/a>, <a href=\"https:\/\/isfd816-chu.infd.edu.ar\/sitio\/category\/noticias\/\" rel=\"tag\">Noticias<\/a>, <a href=\"https:\/\/isfd816-chu.infd.edu.ar\/sitio\/category\/primera-pagina\/\" rel=\"tag\">Primera Pagina<\/a>, <a href=\"https:\/\/isfd816-chu.infd.edu.ar\/sitio\/category\/sin-categoria\/\" rel=\"tag\">Sin categor\u00eda<\/a><\/span><\/div>\t\t\t\t\t\t<\/header><!-- .entry-header -->\n\t\t\t\t\t\t\t<div class=\"wp-show-posts-image  wpsp-image-center \">\n\t\t\t<a href=\"https:\/\/isfd816-chu.infd.edu.ar\/sitio\/mesas-de-examen\/\"  title=\"Mesas de examen\">\t\t\t\t\t<img src=\"https:\/\/isfd816-chu.infd.edu.ar\/sitio\/wp-content\/uploads\/2025\/02\/Portada-mesas-de-examen-400x200.png\" alt=\"Mesas de examen\" itemprop=\"image\" class=\"center\" \/>\n\t\t\t\t<\/a>\t\t<\/div>\n\t\t\t\t\t\t\t\t<div class=\"wp-show-posts-entry-summary\" itemprop=\"text\">\n\t\t\t\t\t\t\t<p>Compartimos los d\u00edas y horarios de las mesas de ex\u00e1menes.<\/p>\n\t\t\t\t\t\t<\/div><!-- .entry-summary -->\n\t\t\t\t\t<div class=\"wpsp-read-more\"><a title=\"Mesas de examen\" class=\"wp-show-posts-read-more\" href=\"https:\/\/isfd816-chu.infd.edu.ar\/sitio\/mesas-de-examen\/\">leer m\u00e1s<\/a><\/div><\/div><!-- wp-show-posts-inner --><\/article><article class=\" wp-show-posts-single post-3244 post type-post status-publish format-standard has-post-thumbnail hentry category-noticias category-primera-pagina category-sin-categoria tag-ecoemprende tag-economia tag-feria tag-stand wpsp-col-4\" itemtype=\"http:\/\/schema.org\/CreativeWork\" itemscope><div class=\"wp-show-posts-inner\" style=\"\">\t\t\t\t\t\t<header class=\"wp-show-posts-entry-header\">\n\t\t\t\t\t\t\t<h3 class=\"wp-show-posts-entry-title\" itemprop=\"headline\"><a href=\"https:\/\/isfd816-chu.infd.edu.ar\/sitio\/feria-ecoemprende-2da-edicion\/\" rel=\"bookmark\">Feria EcoEmprende &#8211; 2da edici\u00f3n<\/a><\/h3><div class=\"wp-show-posts-entry-meta wp-show-posts-entry-meta-below-title post-meta-inline\"><span class=\"wp-show-posts-posted-on wp-show-posts-meta\">\n\t\t\t\t\t<a href=\"https:\/\/isfd816-chu.infd.edu.ar\/sitio\/feria-ecoemprende-2da-edicion\/\" title=\"8:34 pm\" rel=\"bookmark\"><time class=\"wp-show-posts-entry-date published\" datetime=\"2025-06-17T20:34:56-03:00\" itemprop=\"datePublished\">17 junio, 2025<\/time><time class=\"wp-show-posts-updated\" datetime=\"2025-06-18T00:36:31-03:00\" itemprop=\"dateModified\">18 junio, 2025<\/time><\/a>\n\t\t\t\t<\/span> <span class=\"wp-show-posts-separator\">|<\/span> <span class=\"wp-show-posts-terms wp-show-posts-meta\"><a href=\"https:\/\/isfd816-chu.infd.edu.ar\/sitio\/category\/noticias\/\" rel=\"tag\">Noticias<\/a>, <a href=\"https:\/\/isfd816-chu.infd.edu.ar\/sitio\/category\/primera-pagina\/\" rel=\"tag\">Primera Pagina<\/a>, <a href=\"https:\/\/isfd816-chu.infd.edu.ar\/sitio\/category\/sin-categoria\/\" rel=\"tag\">Sin categor\u00eda<\/a><\/span><\/div>\t\t\t\t\t\t<\/header><!-- .entry-header -->\n\t\t\t\t\t\t\t<div class=\"wp-show-posts-image  wpsp-image-center \">\n\t\t\t<a href=\"https:\/\/isfd816-chu.infd.edu.ar\/sitio\/feria-ecoemprende-2da-edicion\/\"  title=\"Feria EcoEmprende &#8211; 2da edici\u00f3n\">\t\t\t\t\t<img src=\"https:\/\/isfd816-chu.infd.edu.ar\/sitio\/wp-content\/uploads\/2025\/06\/Ecoemprende-logo-400x200.jpeg\" alt=\"Feria EcoEmprende &#8211; 2da edici\u00f3n\" itemprop=\"image\" class=\"center\" \/>\n\t\t\t\t<\/a>\t\t<\/div>\n\t\t\t\t\t\t\t\t<div class=\"wp-show-posts-entry-summary\" itemprop=\"text\">\n\t\t\t\t\t\t\t<p>A pedido de ustedes nos pusimos las pilas y lanzamos la 2da Edici\u00f3n de EcoEmprende!!!! &#x1f49c;&#x1f9e1;Su energ\u00eda nos incentiv\u00f3 a seguir y hoy queremos invitar a todos los emprendedores productores&#8230;<\/p>\n\t\t\t\t\t\t<\/div><!-- .entry-summary -->\n\t\t\t\t\t<div class=\"wpsp-read-more\"><a title=\"Feria EcoEmprende &#8211; 2da edici\u00f3n\" class=\"wp-show-posts-read-more\" href=\"https:\/\/isfd816-chu.infd.edu.ar\/sitio\/feria-ecoemprende-2da-edicion\/\">leer m\u00e1s<\/a><\/div><\/div><!-- wp-show-posts-inner --><\/article><div class=\"wpsp-clear\"><\/div><\/section><!-- .wp-show-posts --><\/h1>\n<p><!--more--><\/p>\n<p><img decoding=\"async\" loading=\"lazy\" class=\"alignnone  wp-image-3301\" src=\"https:\/\/isfd816-chu.infd.edu.ar\/sitio\/wp-content\/uploads\/2025\/11\/Oferta-Academica-2026-1000x1000.jpg\" alt=\"OFERTA ACAD\u00c9MICA 2026\" width=\"446\" height=\"446\" srcset=\"https:\/\/isfd816-chu.infd.edu.ar\/sitio\/wp-content\/uploads\/2025\/11\/Oferta-Academica-2026-1000x1000.jpg 1000w, https:\/\/isfd816-chu.infd.edu.ar\/sitio\/wp-content\/uploads\/2025\/11\/Oferta-Academica-2026-500x500.jpg 500w, https:\/\/isfd816-chu.infd.edu.ar\/sitio\/wp-content\/uploads\/2025\/11\/Oferta-Academica-2026-768x768.jpg 768w, https:\/\/isfd816-chu.infd.edu.ar\/sitio\/wp-content\/uploads\/2025\/11\/Oferta-Academica-2026.jpg 1080w\" sizes=\"(max-width: 446px) 100vw, 446px\" \/><\/p>\n<p><img decoding=\"async\" loading=\"lazy\" class=\"alignnone  wp-image-3381\" src=\"https:\/\/isfd816-chu.infd.edu.ar\/sitio\/wp-content\/uploads\/2025\/12\/INVITACIO\u0300N-ACTO-COLACIO\u0300N-2025-800x1000.jpg\" alt=\"\" width=\"548\" height=\"685\" srcset=\"https:\/\/isfd816-chu.infd.edu.ar\/sitio\/wp-content\/uploads\/2025\/12\/INVITACIO\u0300N-ACTO-COLACIO\u0300N-2025-800x1000.jpg 800w, https:\/\/isfd816-chu.infd.edu.ar\/sitio\/wp-content\/uploads\/2025\/12\/INVITACIO\u0300N-ACTO-COLACIO\u0300N-2025-768x960.jpg 768w, https:\/\/isfd816-chu.infd.edu.ar\/sitio\/wp-content\/uploads\/2025\/12\/INVITACIO\u0300N-ACTO-COLACIO\u0300N-2025.jpg 1024w\" sizes=\"(max-width: 548px) 100vw, 548px\" \/><\/p>\n<p><code><\/code><\/p>\n","protected":false},"excerpt":{"rendered":"","protected":false},"author":9,"featured_media":3412,"parent":0,"menu_order":-2,"comment_status":"closed","ping_status":"closed","template":"","meta":[],"acf":[],"_links":{"self":[{"href":"https:\/\/isfd816-chu.infd.edu.ar\/sitio\/wp-json\/wp\/v2\/pages\/1005"}],"collection":[{"href":"https:\/\/isfd816-chu.infd.edu.ar\/sitio\/wp-json\/wp\/v2\/pages"}],"about":[{"href":"https:\/\/isfd816-chu.infd.edu.ar\/sitio\/wp-json\/wp\/v2\/types\/page"}],"author":[{"embeddable":true,"href":"https:\/\/isfd816-chu.infd.edu.ar\/sitio\/wp-json\/wp\/v2\/users\/9"}],"replies":[{"embeddable":true,"href":"https:\/\/isfd816-chu.infd.edu.ar\/sitio\/wp-json\/wp\/v2\/comments?post=1005"}],"version-history":[{"count":46,"href":"https:\/\/isfd816-chu.infd.edu.ar\/sitio\/wp-json\/wp\/v2\/pages\/1005\/revisions"}],"predecessor-version":[{"id":3485,"href":"https:\/\/isfd816-chu.infd.edu.ar\/sitio\/wp-json\/wp\/v2\/pages\/1005\/revisions\/3485"}],"wp:featuredmedia":[{"embeddable":true,"href":"https:\/\/isfd816-chu.infd.edu.ar\/sitio\/wp-json\/wp\/v2\/media\/3412"}],"wp:attachment":[{"href":"https:\/\/isfd816-chu.infd.edu.ar\/sitio\/wp-json\/wp\/v2\/media?parent=1005"}],"curies":[{"name":"wp","href":"https:\/\/api.w.org\/{rel}","templated":true}]}}