{"id":853,"date":"2018-08-30T14:07:40","date_gmt":"2018-08-30T17:07:40","guid":{"rendered":"https:\/\/isfd816-chu.infd.edu.ar\/sitio\/equipo-de-gestion\/"},"modified":"2025-11-13T18:39:26","modified_gmt":"2025-11-13T21:39:26","slug":"equipo-de-gestion","status":"publish","type":"page","link":"https:\/\/isfd816-chu.infd.edu.ar\/sitio\/equipo-de-gestion\/","title":{"rendered":"Equipo de Gesti\u00f3n"},"content":{"rendered":"<h2><strong><span class=\"Titulo1\" style=\"font-family: 'book antiqua', palatino; font-size: 12pt;\">EQUIPO DE TRABAJO IES N\u00b0 816<\/span><\/strong><\/h2>\n<div>\n<pre>EQUIPO DIRECTIVO:\nDirectora: Lic.  Claudia Vega\nVicedirector: Prof. Natalia Cardozo\nSecretaria Acad\u00e9mica Mgtr. Pamela Mansilla \n\nCOORDINADORES:\nLic. Roxana SPACIUK (Tecnicatura Superior en Administraci\u00f3n P\u00fablica)\nProf. Claudia WILLIAMS ( Profesorado de Educaci\u00f3n Tecnol\u00f3gica)\nProf. Carolina GAUNA (Profesorado de Educaci\u00f3n Secundaria en Econom\u00eda)\nProf. Eliana ORTIZ (Profesorado de Educaci\u00f3n Secundaria en Geograf\u00eda)\nLic. Anah\u00ed YUSIK (Tecnicatura Superior en Ni\u00f1ez, Adolescencia y Familia)\nProf. Natalia MELO (Profesorado de Educaci\u00f3n Primaria)\nMgtr. Lautaro HERNANDEZ (Tecnicatura Superior en Turismo)\nProf. Sergio ABATTE (Profesorado de Educaci\u00f3n F\u00edsica - Tecnicatura en Entrenamiento Deportivo)\nLic. Paola CICCARONE (Coordinadora de Investigaci\u00f3n)\nProf. Mar\u00eda Jos\u00e9 COCARO (Coordinadora de Desarrollo Profesional y Apoyo Pedag\u00f3gico)\n\nOFICINA DE ESTUDIANTES:\nProf. Paola MOLINA - CIPE (Coordinadora Institucional de Pol\u00edticas Estudiantiles)\nSilvina D\u00cdAZ (Bedel)\nIvana HEIMSH(T\u00edtulos y Pases)\nGladys CACERES(Bedel)\n\nOFICINA DE ADMINISTRACI\u00d3N:\nPaola ECTHEVERRY (Secretaria Administrativa)\nIvana GOMBAC \nAlejandra MARSHALL\nIvana HEIMSH\n\nBIBLIOTECA:\nProf. Elina MORTENSEN (Bibliotecaria)\n\n<\/pre>\n<\/div>\n","protected":false},"excerpt":{"rendered":"<p>EQUIPO DE TRABAJO IES N\u00b0 816 EQUIPO DIRECTIVO: Directora: Lic. Claudia Vega Vicedirector: Prof. Natalia Cardozo Secretaria Acad\u00e9mica Mgtr. Pamela Mansilla COORDINADORES: Lic. Roxana SPACIUK (Tecnicatura Superior en Administraci\u00f3n P\u00fablica) Prof. Claudia WILLIAMS ( Profesorado de Educaci\u00f3n Tecnol\u00f3gica) Prof. Carolina GAUNA (Profesorado de Educaci\u00f3n Secundaria en Econom\u00eda) Prof. Eliana ORTIZ (Profesorado de Educaci\u00f3n Secundaria en &#8230; <a title=\"Equipo de Gesti\u00f3n\" class=\"read-more\" href=\"https:\/\/isfd816-chu.infd.edu.ar\/sitio\/equipo-de-gestion\/\" aria-label=\"More on Equipo de Gesti\u00f3n\">[+]<\/a><\/p>\n","protected":false},"author":9,"featured_media":0,"parent":0,"menu_order":0,"comment_status":"closed","ping_status":"closed","template":"","meta":[],"acf":[],"_links":{"self":[{"href":"https:\/\/isfd816-chu.infd.edu.ar\/sitio\/wp-json\/wp\/v2\/pages\/853"}],"collection":[{"href":"https:\/\/isfd816-chu.infd.edu.ar\/sitio\/wp-json\/wp\/v2\/pages"}],"about":[{"href":"https:\/\/isfd816-chu.infd.edu.ar\/sitio\/wp-json\/wp\/v2\/types\/page"}],"author":[{"embeddable":true,"href":"https:\/\/isfd816-chu.infd.edu.ar\/sitio\/wp-json\/wp\/v2\/users\/9"}],"replies":[{"embeddable":true,"href":"https:\/\/isfd816-chu.infd.edu.ar\/sitio\/wp-json\/wp\/v2\/comments?post=853"}],"version-history":[{"count":18,"href":"https:\/\/isfd816-chu.infd.edu.ar\/sitio\/wp-json\/wp\/v2\/pages\/853\/revisions"}],"predecessor-version":[{"id":3325,"href":"https:\/\/isfd816-chu.infd.edu.ar\/sitio\/wp-json\/wp\/v2\/pages\/853\/revisions\/3325"}],"wp:attachment":[{"href":"https:\/\/isfd816-chu.infd.edu.ar\/sitio\/wp-json\/wp\/v2\/media?parent=853"}],"curies":[{"name":"wp","href":"https:\/\/api.w.org\/{rel}","templated":true}]}}